{"id":6314,"date":"2018-06-27T10:08:07","date_gmt":"2018-06-27T10:08:07","guid":{"rendered":"http:\/\/rmvalencia.com\/?page_id=6314"},"modified":"2026-03-20T12:18:43","modified_gmt":"2026-03-20T11:18:43","slug":"notes-s-certificacions","status":"publish","type":"page","link":"https:\/\/rmvalencia.com\/val\/mercantil\/notes-s-certificacions\/","title":{"rendered":"Notes S.\/Certificacions"},"content":{"rendered":"<div  class=\"tatsu-frmn3ptmck13z53w tatsu-section    tatsu-clearfix\" data-title=\"\"  data-headerscheme=\"background--dark\"><div class='tatsu-section-pad clearfix' data-padding='{\"d\":\"20px 0px 10px 0px \"}' data-padding-top='20px'><div class=\"tatsu-row-wrap  tatsu-wrap tatsu-row-one-col tatsu-row-has-one-cols tatsu-zero-margin tatsu-medium-gutter tatsu-reg-cols  tatsu-clearfix tatsu-B1x57kX4Jm\" ><div  class=\"tatsu-row \" ><div  class=\"tatsu-column  tatsu-one-col tatsu-column-image-none tatsu-column-effect-none  tatsu-SkcmJ7N1X\"  data-parallax-speed=\"0\" style=\"\"><div class=\"tatsu-column-inner \" ><div class=\"tatsu-column-pad-wrap\"><div class=\"tatsu-column-pad\" ><div  class=\"tatsu-module tatsu-clearfix tatsu-dropcap-wrap tatsu-SJkpAGV17   \" ><span class=\"tatsu-dropcap tatsu-dropcap-letter big\"><i class=\"tatsu-icon icon-info2\"><\/i><\/span>\n<h5><span style=\"font-size: 18pt;\"><strong><span style=\"color: #af1e00;\">Av\u00eds Certificacions<\/span><\/strong><\/span><\/h5>\n<p style=\"text-align: justify;\"><span style=\"color: #000000;\"><strong><span style=\"font-size: 12pt;\">En la SOL\u00b7LICITUD d&#8217;expedici\u00f3 de CERTIFICACI\u00d3, si es desitja informaci\u00f3 sobre dep\u00f2sit de comptes anuals o legalitzaci\u00f3 de llibres, s&#8217;ha de indicar de forma expressa l&#8217;exercici o exercicis la informaci\u00f3 dels quals interessa. En cas contrari, nom\u00e9s es donar\u00e0 informaci\u00f3 de l&#8217;\u00faltim exercici depositat o legalitzat.<\/span><\/strong><\/span><\/p>\n<style>.tatsu-SJkpAGV17 .tatsu-icon{color: rgba(41,199,41,1) ;}<\/style><\/div><\/div><\/div><div class = \"tatsu-column-bg-image-wrap\"><div class = \"tatsu-column-bg-image\" ><\/div><\/div><\/div><style>.tatsu-row > .tatsu-SkcmJ7N1X.tatsu-column{width: 100%;}.tatsu-SkcmJ7N1X.tatsu-column > .tatsu-column-inner{background-color: rgba(198,201,198,1);}.tatsu-SkcmJ7N1X.tatsu-column > .tatsu-column-inner > .tatsu-column-pad-wrap > .tatsu-column-pad{padding: 10px 10px 0px 10px ;}.tatsu-SkcmJ7N1X.tatsu-column > .tatsu-column-inner > .tatsu-column-overlay{mix-blend-mode: none;}.tatsu-SkcmJ7N1X > .tatsu-column-inner > .tatsu-top-divider{z-index: 9999;}.tatsu-SkcmJ7N1X > .tatsu-column-inner > .tatsu-bottom-divider{z-index: 9999;}.tatsu-SkcmJ7N1X > .tatsu-column-inner > .tatsu-left-divider{z-index: 9999;}.tatsu-SkcmJ7N1X > .tatsu-column-inner > .tatsu-right-divider{z-index: 9999;}<\/style><\/div><\/div><\/div><div class=\"tatsu-row-wrap  tatsu-wrap tatsu-row-one-col tatsu-row-has-one-cols tatsu-medium-gutter tatsu-reg-cols  tatsu-clearfix tatsu-frmn3ptmg71zzmtp\" ><div  class=\"tatsu-row \" ><div  class=\"tatsu-column  tatsu-column-no-bg tatsu-one-col tatsu-column-image-none tatsu-column-effect-none  tatsu-frmn3ptmk81k550m\"  data-parallax-speed=\"0\" style=\"\"><div class=\"tatsu-column-inner \" ><div class=\"tatsu-column-pad-wrap\"><div class=\"tatsu-column-pad\" ><div  class=\"tatsu-module tatsu-divider-wrap  tatsu-S1H5covgQ   \"  ><style>.tatsu-S1H5covgQ .tatsu-divider{height: 1px;width: 100%;background: #efefef;}.tatsu-S1H5covgQ.tatsu-divider-wrap{text-align: left;}<\/style><hr class=\"tatsu-divider\"\/><\/div><div  class=\"tatsu-module tatsu-divider-wrap  tatsu-r1mlRz4JX   \"  ><style>.tatsu-r1mlRz4JX .tatsu-divider{height: 10px;width: 100%;background: rgba(175,30,45,1);}.tatsu-r1mlRz4JX.tatsu-divider-wrap{text-align: left;}<\/style><hr class=\"tatsu-divider\"\/><\/div><div  class=\"tatsu-module tatsu-text-block-wrap tatsu-r1prYsDe7  \"><div class=\"tatsu-text-inner tatsu-align-center  clearfix\" ><style>.tatsu-r1prYsDe7.tatsu-text-block-wrap .tatsu-text-inner{width: 100%;text-align: left;}<\/style>\n<p style=\"text-align: justify;\"><strong><span style=\"font-size: 12pt;\">Com a conseq\u00fc\u00e8ncia del car\u00e0cter p\u00fablic de el Registre Mercantil, tota persona pot con\u00e9ixer el contingut dels seients publicats en aquest, aix\u00ed com el dels documents arxivats i depositats en ell.<\/span><\/strong><\/p>\n<p style=\"text-align: justify;\"><strong><span style=\"font-size: 12pt;\">Els mitjans pels quals es pot accedir a la publicitat s\u00f3n notes simples i certificacions.<\/span><\/strong><\/p>\n<\/div><\/div>\n<div  class=\" tatsu-frmn3ptmn6a1z6r9 tabs oshine-module\"  ><ul class=\"clearfix be-tab-header\"><li><a id=\"tatsu-frmn3ptp2yms6in\" class=\"tab-icon icon-icon_check\" href=\"#fragment-1-693598581\">NOTES SIMPLES<\/a>  <\/li>\n<li><a id=\"tatsu-frmn3ptpfg8qqks5\" class=\"tab-icon icon-arrow_carrot-up_alt2\" href=\"#fragment-2-693598581\">CERTIFICACIONS REGISTRALS<\/a> <style>#tatsu-frmn3ptpfg8qqks5{color: rgba(51,182,73,1) ;}<\/style> <\/li>\n<li><a id=\"tatsu-frmn3ptq2a1rlkv4\" class=\"tab-icon icon-icon_download\" href=\"#fragment-3-693598581\">FORMULARIS <\/a> <style>#tatsu-frmn3ptq2a1rlkv4{color: rgba(74,144,226,1) ;}<\/style> <\/li><\/ul><div id=\"fragment-1-693598581\" class=\"clearfix be-tab-content\">\n<p style=\"text-align: justify;\"><span style=\"font-size: 12pt;\"><strong><span style=\"color: #af1e2d;\">Publicitat Formal- Nota Simple Informativa\u00a0<\/span><\/strong><\/span><\/p>\n<p style=\"text-align: justify;\"><span style=\"font-size: 12pt;\">La <strong>nota simple t\u00e9 valor purament informatiu i no d\u00f3na fe del contingut<\/strong> dels seients.\u00a0El <strong>seu termini m\u00e0xim d&#8217;expedici\u00f3<\/strong> \u00e9s de <strong>3 dies h\u00e0bils.<\/strong><\/span><\/p>\n<p style=\"text-align: justify;\"><span style=\"font-size: 12pt;\">Pot ser <strong>literal dels seients del Registre o de dades concretes, o c\u00f2pia dels documents arxivats o depositats,<\/strong> s&#8217;expedeix amb indicaci\u00f3 del numere de fulla i de la data en qu\u00e8 s&#8217;estenen i porten el segell del registrador.<\/span><\/p>\n<p style=\"text-align: justify;\"><strong><span style=\"font-size: 12pt; color: #339966;\">Sol\u00b7licitar i Recollir una Nota simple<\/span><\/strong><\/p>\n<p style=\"text-align: justify;\"><span style=\"font-size: 12pt;\">La nota simple pot obtindre&#8217;s mitjan\u00e7ant petici\u00f3, en el propi Registre, conforme al que es disposa en la <strong>Instrucci\u00f3 de 17 de febrer de 1998 de la DGRN<\/strong> o per correu electr\u00f2nic amb signatura reconeguda dirigit a l&#8217;adre\u00e7a <a href=\"mailto:valencia4@registromercantil.org\">val\u00e8ncia4@registromercantil.org<\/a><\/span><\/p>\n<p style=\"text-align: justify;\"><span style=\"font-size: 12pt;\">En la sol\u00b7licitud hauran d&#8217;indicar de <strong>forma expressa la informaci\u00f3 que sol\u00b7liciten<\/strong>, que ha d&#8217;ajustar-se, en tot cas, a les dades obrants en el Registre susceptibles de publicitat registral.<\/span><\/p>\n<p style=\"text-align: justify;\"><span style=\"font-size: 12pt;\">Hauran d&#8217;aportar obligat\u00f2riament <strong>nom i cognoms, domicili i DNI o Nif del sol\u00b7licitant<\/strong>. La falta d&#8217;algun d&#8217;aquestes dades o de la signatura de la sol\u00b7licitud donar\u00e0 lloc a la no expedici\u00f3 de la informaci\u00f3 sol\u00b7licitada conforme al que es disposa en la indicada instrucci\u00f3.<\/span><\/p>\n<p style=\"text-align: justify;\"><span style=\"font-size: 12pt;\">Les sol\u00b7licituds de publicitat formal quedaren <strong>arxivades durant un termini de de tres anys<\/strong>, de manera que sempre puga identificar-se al sol\u00b7licitant, el seu domicili, DNI o NIF.<\/span><\/p>\n<p style=\"text-align: justify;\"><span style=\"font-size: 12pt;\">Es pot <strong>obtindre<\/strong> tamb\u00e9 la publicitat, tamb\u00e9 de <strong>forma telem\u00e0tica<\/strong>, sol\u00b7licitant la seua expedici\u00f3 pel <strong>servei online<\/strong> articulat pel col\u00b7legi de registradors a trav\u00e9s de la web <a href=\"https:\/\/www.registradores.org\/registroonline\/home.seam\" target=\"_blank\" rel=\"noopener noreferrer\">www.registradores.org.<\/a><\/span><\/p>\n<p style=\"text-align: justify;\"><span style=\"font-size: 12pt;\">Igualment, pot <strong>obtindre&#8217;s per correu postal dirigit a Gran Via Marques del Turia n\u00fam.57-sota Val\u00e8ncia-46005 o per correu electr\u00f2nic sense signatura reconeguda ( per\u00f2 amb signatura manuscrita i fotoc\u00f2pia de DNI)<\/strong> a l&#8217;adre\u00e7a electr\u00f2nica a dalt indicada, per\u00f2 en aquests acasos la informaci\u00f3 nom\u00e9s la podr\u00e0 retirar l&#8217;interessat de forma presencial ( DNI o NIF).<\/span><\/p>\n<p style=\"text-align: justify;\"><span style=\"font-size: 12pt;\">En cas de sol\u00b7licitar <strong>l&#8217;enviament per correu certificat haur\u00e0 d&#8217;indicar les dades d&#8217;enviament en la pr\u00f2pia sol\u00b7licitud.<\/strong><\/span><\/p>\n<p>\u00a0<\/p>\n<table style=\"margin: 0 auto;\">\n<tbody>\n<tr>\n<td style=\"text-align: center; background-color: #af1e2d;\" colspan=\"2\"><span style=\"color: #ffffff;\"><span style=\"font-size: 14pt;\"><span style=\"color: #ffffff; font-size: 14pt;\"><b>Resum\u00a0D&#8217;enviament i Recepci\u00f3 de Nota Simple<br \/><\/b><\/span><\/span><\/span><\/td>\n<\/tr>\n<tr style=\"background-color: #af1e2d;\">\n<td style=\"text-align: center;\"><span style=\"font-size: 16px; color: #000000;\"><b>Entrada de Document<\/b><\/span><\/td>\n<td style=\"text-align: center;\"><span style=\"color: #000000;\"><span style=\"font-size: 16px;\"><b>Exida de Document<\/b><\/span><\/span><\/td>\n<\/tr>\n<tr>\n<td style=\"text-align: justify;\"><strong><span style=\"font-size: 12pt;\">Portal web del Col\u00b7legi de Registradors<\/span><\/strong><\/td>\n<td style=\"text-align: justify;\"><strong><span style=\"font-size: 12pt; color: #339966;\"><strong>Portal web del Col\u00b7legi de<\/strong> Registradors<\/span><\/strong><\/td>\n<\/tr>\n<tr>\n<td style=\"text-align: center;\"><strong><span style=\"font-size: 12pt;\">Presencial DNI\/NIF<\/span><\/strong><\/p>\n<p><strong><span style=\"font-size: 12pt;\">Correu electr\u00f2nic amb signatura reconeguda.<\/span><\/strong><\/p>\n<\/td>\n<td style=\"text-align: center;\">\n<p style=\"text-align: justify;\"><span style=\"color: #339966;\"><strong><span style=\"font-size: 12pt;\">Presencial:<\/span><\/strong><\/span><\/p>\n<ul>\n<li style=\"text-align: justify;\"><span style=\"color: #339966;\"><strong><span style=\"font-size: 12pt;\">Lliurament al propi interessat DNI\/NIF<\/span><\/strong><\/span><\/li>\n<li style=\"text-align: justify;\"><span style=\"color: #339966;\"><strong><span style=\"font-size: 12pt;\">Persona autoritzada en la pr\u00f2pia sol\u00b7licitud presentada.<\/span><\/strong><\/span><\/li>\n<\/ul>\n<p><strong style=\"color: #339966; text-align: center;\"><span style=\"font-size: 12pt;\">Correu certificat.<\/span><\/strong><\/p>\n<\/td>\n<\/tr>\n<tr>\n<td style=\"text-align: center;\">\n<p style=\"text-align: justify;\"><strong><span style=\"font-size: 12pt;\">Correu postal<\/span><\/strong><\/p>\n<p style=\"text-align: justify;\"><strong><span style=\"font-size: 12pt;\">Correu electr\u00f2nic sense signatura reconeguda<\/span><\/strong><\/p>\n<\/td>\n<td style=\"text-align: justify;\"><strong><span style=\"font-size: 12pt; color: #339966;\">Al propi interessat de forma presencial DNI\/NIF<\/span><\/strong><\/td>\n<\/tr>\n<\/tbody>\n<\/table>\n<p>\u00a0<\/p>\n<hr \/>\n<p style=\"text-align: center;\"><strong><a class=\"alignnone\" href=\"http:\/\/rmvalencia.com\/fileadmin\/Formularios\/Valenciano\/NotasiCertis\/sollicitud_de_nota_informativa.pdf\" target=\"_blank\" rel=\"noopener noreferrer\"><span style=\"font-size: 14pt;\"><a href=\"http:\/\/rmvalencia.com\/fileadmin\/Formularios\/Valenciano\/NotasiCertis\/sollicitud_de_nota_informativa.pdf\" target=\"_blank\" rel=\"noopener noreferrer\"><img loading=\"lazy\" decoding=\"async\" class=\"alignnone wp-image-4132\" src=\"http:\/\/rmvalencia.com\/wp-content\/uploads\/2018\/05\/la-computacion-en-nube.png\" alt=\"\" width=\"30\" height=\"30\" srcset=\"https:\/\/rmvalencia.com\/wp-content\/uploads\/2018\/05\/la-computacion-en-nube.png 256w, https:\/\/rmvalencia.com\/wp-content\/uploads\/2018\/05\/la-computacion-en-nube-150x150.png 150w, https:\/\/rmvalencia.com\/wp-content\/uploads\/2018\/05\/la-computacion-en-nube-50x50.png 50w\" sizes=\"auto, (max-width: 30px) 100vw, 30px\" \/>\u00a0<\/a><\/span><\/a><a href=\"http:\/\/rmvalencia.com\/fileadmin\/Formularios\/Valenciano\/NotasiCertis\/sollicitud_de_nota_informativa.pdf\" target=\"_blank\" rel=\"noopener noreferrer\"><span style=\"font-size: 14pt;\">Formulari de Sol\u00b7licitud de Nota Simple \/ Sol\u00b7licitud per a la Signatura Electr\u00f2nica (FNMT) <\/span><\/a><\/strong><\/p>\n<\/div><div id=\"fragment-2-693598581\" class=\"clearfix be-tab-content\">\n<p style=\"text-align: justify;\"><span style=\"color: #af1e2d;\"><strong><span style=\"font-size: 12pt;\">Publicitat Formal -Certificacions<\/span><\/strong><\/span><\/p>\n<p style=\"text-align: justify;\"><span style=\"font-size: 12pt;\">Constitueix <strong>l&#8217;\u00fanic mig fefaent<\/strong> per a acreditar el contingut dels <strong>seients del registre i dels documents depositats o arxivats en aquest.\u00a0<\/strong>El <strong>seu termini m\u00e0xim<\/strong> d&#8217;expedici\u00f3 \u00e9s de <strong>5 dies h\u00e0bils. <\/strong><\/span><\/p>\n<p style=\"text-align: justify;\"><span style=\"font-size: 12pt;\"><strong>Les possibilitats que\u00a0 oferix este Registre respecte a la sol\u00b7licitud de certificacions s\u00f3n les seg\u00fcents:<\/strong><\/span><\/p>\n<p style=\"text-align: justify;\"><span style=\"font-size: 12pt;\"><strong>1a.- Presencialment en el Registre, emplenant la corresponent sol\u00b7licitud.<\/strong><\/span><\/p>\n<p style=\"text-align: justify;\"><span style=\"font-size: 12pt;\"><strong> La seua presentaci\u00f3 requerix efectuar una provisi\u00f3 de fons de 45 euros. <\/strong><\/span><\/p>\n<p style=\"text-align: justify;\"><span style=\"font-size: 12pt;\"><strong>2a.- Per via del \u201cmen\u00fa\u201d de tipus de certificacions que consten en la seu electr\u00f2nica del Col\u00b7legi de Registradors. <\/strong><\/span><\/p>\n<p style=\"text-align: justify;\"><span style=\"font-size: 12pt;\"><strong>3a.- Per sol\u00b7licitud amb firma electr\u00f2nica qualificada, enviada per la seu electr\u00f2nica del Col\u00b7legi de Registradors, quan no \u00e9s possible fer coincidir el sol\u00b7licitat amb el \u201cmen\u00fa\u201d existent en la seu electr\u00f2nica del Col\u00b7legi de Registradors.<\/strong><\/span><\/p>\n<p style=\"text-align: justify;\"><span style=\"font-size: 12pt;\"><strong> En la sol\u00b7licitud haur\u00e0 d&#8217;indicar-se de manera expressa les circumst\u00e0ncies especials que obren en el registre i de les quals es desitge obtindre informaci\u00f3 o si es desitja una certificaci\u00f3 literal.<br \/><\/strong><\/span><\/p>\n<p style=\"text-align: justify;\">\u00a0<\/p>\n<p style=\"text-align: justify;\"><strong><span style=\"color: #339966; font-size: 12pt;\">Sol\u00b7licitar i Recollir una Certificaci\u00f3.<\/span><\/strong><\/p>\n<p style=\"text-align: justify;\"><span style=\"font-size: 12pt;\"><strong>La via de sol\u00b7licitud i enviament telem\u00e0tics de publicitat registral indicada amb anterioritat, la tenen a la seua disposici\u00f3 en Registre en l\u00ednia (registradores.org). Este \u00e9s el sistema desenrotllat en compliment dels disposat en l&#8217;article 222 de la Llei Hipotec\u00e0ria, l&#8217;\u00fanic que t\u00e9 cobertura legal i l&#8217;\u00fanic que permet al registrador complir la seua obligaci\u00f3 de qualificar l&#8217;inter\u00e9s leg\u00edtim de les persones o entitats que sol\u00b7liciten la informaci\u00f3 registral, aix\u00ed com la normativa europea i interna de Protecci\u00f3 de Dades de car\u00e0cter personal. La sol\u00b7licitud i enviament de publicitat formal per correu electr\u00f2nic, exclusivament va ser autoritzada per Instrucci\u00f3 de la Direcci\u00f3 General de Seguretat Jur\u00eddica i Fe P\u00fablica, durant la vig\u00e8ncia de l&#8217;Estat d&#8217;Alarma declarat pel RD 463\/2020, de 14 de mar\u00e7, i com tot Dret excepcional, una vegada desaparegut el pressupost que el va motivar, decau la seua aplicaci\u00f3.<\/strong><\/span><\/p>\n<p style=\"text-align: justify;\">\u00a0<\/p>\n<p>\u00a0<\/p>\n<hr \/>\n<p style=\"text-align: center;\"><strong><a href=\"http:\/\/rmvalencia.com\/fileadmin\/Formularios\/Valenciano\/NotasiCertis\/sollicitut_de_certificacio.pdf\" target=\"_blank\" rel=\"noopener noreferrer\"><img loading=\"lazy\" decoding=\"async\" class=\"alignnone wp-image-4132\" src=\"http:\/\/rmvalencia.com\/wp-content\/uploads\/2018\/05\/la-computacion-en-nube.png\" alt=\"\" width=\"30\" height=\"30\" srcset=\"https:\/\/rmvalencia.com\/wp-content\/uploads\/2018\/05\/la-computacion-en-nube.png 256w, https:\/\/rmvalencia.com\/wp-content\/uploads\/2018\/05\/la-computacion-en-nube-150x150.png 150w, https:\/\/rmvalencia.com\/wp-content\/uploads\/2018\/05\/la-computacion-en-nube-50x50.png 50w\" sizes=\"auto, (max-width: 30px) 100vw, 30px\" \/><\/a><a href=\"http:\/\/rmvalencia.com\/fileadmin\/Formularios\/Valenciano\/NotasiCertis\/sollicitut_de_certificacio.pdf\" target=\"_blank\" rel=\"noopener noreferrer\"><span style=\"font-size: 14pt;\">Formulari de Sol\u00b7licitud de Certificaci\u00f3<\/span><\/a><\/strong><\/p>\n<\/div><div id=\"fragment-3-693598581\" class=\"clearfix be-tab-content\">\n<p style=\"text-align: justify;\"><span style=\"font-size: 14pt; color: #af2d1e;\"><strong>Formularis de Notes Simples\u00a0<\/strong><\/span><\/p>\n<p style=\"text-align: justify;\"><span style=\"font-size: 12pt;\"><a href=\"http:\/\/rmvalencia.com\/fileadmin\/Formularios\/Valenciano\/NotasiCertis\/sollicitud_de_nota_informativa.pdf\" target=\"_blank\" rel=\"noopener noreferrer\"><img loading=\"lazy\" decoding=\"async\" class=\"alignnone wp-image-4132\" src=\"http:\/\/rmvalencia.com\/wp-content\/uploads\/2018\/05\/la-computacion-en-nube.png\" sizes=\"auto, (max-width: 31px) 100vw, 31px\" srcset=\"http:\/\/rmvalencia.com\/wp-content\/uploads\/2018\/05\/la-computacion-en-nube.png 256w, http:\/\/rmvalencia.com\/wp-content\/uploads\/2018\/05\/la-computacion-en-nube-150x150.png 150w, http:\/\/rmvalencia.com\/wp-content\/uploads\/2018\/05\/la-computacion-en-nube-50x50.png 50w\" alt=\"\" width=\"31\" height=\"31\" \/><strong>Sol\u00b7licitud de Nota Simple\/ Solictud de Nota Simple per a signatura elect\u00f3nica(FNMT)<\/strong><\/a><\/span><\/p>\n<p style=\"text-align: justify;\"><span style=\"font-size: 14pt; color: #af2d1e;\"><strong>Formularis de Certificacions\u00a0<\/strong><\/span><\/p>\n<p style=\"text-align: justify;\"><span style=\"font-size: 12pt;\"><img loading=\"lazy\" decoding=\"async\" class=\"alignnone wp-image-4132\" src=\"http:\/\/rmvalencia.com\/wp-content\/uploads\/2018\/05\/la-computacion-en-nube.png\" sizes=\"auto, (max-width: 31px) 100vw, 31px\" srcset=\"http:\/\/rmvalencia.com\/wp-content\/uploads\/2018\/05\/la-computacion-en-nube.png 256w, http:\/\/rmvalencia.com\/wp-content\/uploads\/2018\/05\/la-computacion-en-nube-150x150.png 150w, http:\/\/rmvalencia.com\/wp-content\/uploads\/2018\/05\/la-computacion-en-nube-50x50.png 50w\" alt=\"\" width=\"31\" height=\"31\" \/><a href=\"http:\/\/rmvalencia.com\/fileadmin\/Formularios\/Valenciano\/NotasiCertis\/sollicitut_de_certificacio.pdf\" target=\"_blank\" rel=\"noopener noreferrer\"><strong>Sol\u00b7licitud de Certificaci\u00f3<\/strong><\/a><\/span><\/p>\n<p style=\"text-align: justify;\"><span style=\"font-size: 12pt;\"><a href=\"http:\/\/rmvalencia.com\/fileadmin\/Formularios\/Valenciano\/NotasiCertis\/sollicitud_per_a_obtencion_de_signatura_electronica.pdf\" target=\"_blank\" rel=\"noopener noreferrer\"><img loading=\"lazy\" decoding=\"async\" class=\"alignnone wp-image-4132\" src=\"http:\/\/rmvalencia.com\/wp-content\/uploads\/2018\/05\/la-computacion-en-nube.png\" sizes=\"auto, (max-width: 31px) 100vw, 31px\" srcset=\"http:\/\/rmvalencia.com\/wp-content\/uploads\/2018\/05\/la-computacion-en-nube.png 256w, http:\/\/rmvalencia.com\/wp-content\/uploads\/2018\/05\/la-computacion-en-nube-150x150.png 150w, http:\/\/rmvalencia.com\/wp-content\/uploads\/2018\/05\/la-computacion-en-nube-50x50.png 50w\" alt=\"\" width=\"31\" height=\"31\" \/><strong>Sol\u00b7licitud de Certificaci\u00f3 per a la Signatura Electr\u00f2nica (FNMT)<\/strong><\/a><\/span><\/p>\n<p><span style=\"font-size: 12pt;\"><a href=\"http:\/\/www.rmvalencia.com\/fileadmin\/Formularios\/Valenciano\/sol.licitut_certificacio_per_a_trasllat_de_domicili.pdf\" target=\"_blank\" rel=\"noopener noreferrer\"><img loading=\"lazy\" decoding=\"async\" class=\"alignnone wp-image-4132\" src=\"http:\/\/rmvalencia.com\/wp-content\/uploads\/2018\/05\/la-computacion-en-nube.png\" sizes=\"auto, (max-width: 31px) 100vw, 31px\" srcset=\"http:\/\/rmvalencia.com\/wp-content\/uploads\/2018\/05\/la-computacion-en-nube.png 256w, http:\/\/rmvalencia.com\/wp-content\/uploads\/2018\/05\/la-computacion-en-nube-150x150.png 150w, http:\/\/rmvalencia.com\/wp-content\/uploads\/2018\/05\/la-computacion-en-nube-50x50.png 50w\" alt=\"\" width=\"31\" height=\"31\" \/>\u00a0 <strong>Sol\u00b7licitud Certicaci\u00f3 de canvi de Domicili<\/strong><\/a><\/span><\/p>\n<p>&#8212;&#8212;&#8212;&#8212;&#8212;&#8212;&#8212;&#8212;&#8212;&#8212;&#8211;<\/p>\n<p><span style=\"color: #339966;\"><strong><span style=\"font-size: 14pt;\">Manuales<\/span><\/strong><\/span><\/p>\n<p><a href=\"https:\/\/www.sede.fnmt.gob.es\/documents\/10445900\/10528353\/Firmar_documento_PDF_Adobe_Acrobat_Reader_DC.pdf\" target=\"_blank\" rel=\"noopener noreferrer\"><span style=\"font-size: 12pt;\">\u00a0<\/span><\/a><a href=\"http:\/\/www.rmvalencia.com\/fileadmin\/data\/SOLICITUD_DE_CERTIFICACION_PARA_TRASLADO_DE_DOMICILI2.pdf\" target=\"_blank\" rel=\"noopener noreferrer\"><span style=\"font-size: 12pt;\">\u00a0<\/span><\/a><a href=\"https:\/\/www.sede.fnmt.gob.es\/documents\/10445900\/10528353\/Firmar_documento_PDF_Adobe_Acrobat_Reader_DC.pdf\" target=\"_blank\" rel=\"noopener noreferrer\"><img loading=\"lazy\" decoding=\"async\" class=\"alignnone wp-image-4132\" src=\"http:\/\/rmvalencia.com\/wp-content\/uploads\/2018\/05\/la-computacion-en-nube.png\" sizes=\"auto, (max-width: 31px) 100vw, 31px\" srcset=\"http:\/\/rmvalencia.com\/wp-content\/uploads\/2018\/05\/la-computacion-en-nube.png 256w, http:\/\/rmvalencia.com\/wp-content\/uploads\/2018\/05\/la-computacion-en-nube-150x150.png 150w, http:\/\/rmvalencia.com\/wp-content\/uploads\/2018\/05\/la-computacion-en-nube-50x50.png 50w\" alt=\"\" width=\"31\" height=\"31\" \/><\/a><a href=\"https:\/\/www.sede.fnmt.gob.es\/documents\/10445900\/10528353\/Firmar_documento_PDF_Adobe_Acrobat_Reader_DC.pdf\" target=\"_blank\" rel=\"noopener noreferrer\"><span style=\"font-size: 12pt;\">Manual per signar electronicament un PDF,s<\/span><\/a><\/p>\n<\/div><\/div>\n<\/div><\/div><div class = \"tatsu-column-bg-image-wrap\"><div class = \"tatsu-column-bg-image\" ><\/div><\/div><\/div><style>.tatsu-row > .tatsu-frmn3ptmk81k550m.tatsu-column{width: 100%;}.tatsu-frmn3ptmk81k550m.tatsu-column > .tatsu-column-inner > .tatsu-column-overlay{mix-blend-mode: none;}.tatsu-frmn3ptmk81k550m > .tatsu-column-inner > .tatsu-top-divider{z-index: 9999;}.tatsu-frmn3ptmk81k550m > .tatsu-column-inner > .tatsu-bottom-divider{z-index: 9999;}.tatsu-frmn3ptmk81k550m > .tatsu-column-inner > .tatsu-left-divider{z-index: 9999;}.tatsu-frmn3ptmk81k550m > .tatsu-column-inner > .tatsu-right-divider{z-index: 9999;}<\/style><\/div><\/div><\/div><\/div><div class=\"tatsu-section-background-wrap\"><div class = \"tatsu-section-background\" ><\/div><\/div><style>.tatsu-frmn3ptmck13z53w.tatsu-section{background-color: rgba(255,247,247,1);}.tatsu-frmn3ptmck13z53w .tatsu-section-pad{padding: 20px 0px 10px 0px ;}.tatsu-frmn3ptmck13z53w > .tatsu-bottom-divider{z-index: 9999;}.tatsu-frmn3ptmck13z53w > .tatsu-top-divider{z-index: 9999;}<\/style><\/div>\n","protected":false},"excerpt":{"rendered":"<p><a href=\"https:\/\/rmvalencia.com\/val\/mercantil\/notes-s-certificacions\/\" class=\"more-link style3-button\">Read More<\/a><\/p>","protected":false},"author":8,"featured_media":0,"parent":6249,"menu_order":0,"comment_status":"closed","ping_status":"closed","template":"page-with-title.php","meta":{"footnotes":""},"class_list":["post-6314","page","type-page","status-publish","hentry"],"_links":{"self":[{"href":"https:\/\/rmvalencia.com\/val\/wp-json\/wp\/v2\/pages\/6314","targetHints":{"allow":["GET"]}}],"collection":[{"href":"https:\/\/rmvalencia.com\/val\/wp-json\/wp\/v2\/pages"}],"about":[{"href":"https:\/\/rmvalencia.com\/val\/wp-json\/wp\/v2\/types\/page"}],"author":[{"embeddable":true,"href":"https:\/\/rmvalencia.com\/val\/wp-json\/wp\/v2\/users\/8"}],"replies":[{"embeddable":true,"href":"https:\/\/rmvalencia.com\/val\/wp-json\/wp\/v2\/comments?post=6314"}],"version-history":[{"count":4,"href":"https:\/\/rmvalencia.com\/val\/wp-json\/wp\/v2\/pages\/6314\/revisions"}],"predecessor-version":[{"id":10589,"href":"https:\/\/rmvalencia.com\/val\/wp-json\/wp\/v2\/pages\/6314\/revisions\/10589"}],"up":[{"embeddable":true,"href":"https:\/\/rmvalencia.com\/val\/wp-json\/wp\/v2\/pages\/6249"}],"wp:attachment":[{"href":"https:\/\/rmvalencia.com\/val\/wp-json\/wp\/v2\/media?parent=6314"}],"curies":[{"name":"wp","href":"https:\/\/api.w.org\/{rel}","templated":true}]}}