{"id":6273,"date":"2018-06-27T09:53:24","date_gmt":"2018-06-27T09:53:24","guid":{"rendered":"http:\/\/rmvalencia.com\/?page_id=6273"},"modified":"2024-02-19T07:30:02","modified_gmt":"2024-02-19T06:30:02","slug":"comptes-anuals","status":"publish","type":"page","link":"https:\/\/rmvalencia.com\/val\/formularis\/comptes-anuals\/","title":{"rendered":"Comptes Anuals"},"content":{"rendered":"<div  class=\"tatsu-BybRzsy2JQ tatsu-section    tatsu-clearfix\" data-title=\"\"  data-headerscheme=\"background--dark\"><div class='tatsu-section-pad clearfix' data-padding='{\"d\":\"20px 0px 20px 0px \"}' data-padding-top='20px'><div class=\"tatsu-row-wrap  tatsu-wrap tatsu-row-one-col tatsu-row-has-one-cols tatsu-medium-gutter tatsu-reg-cols  tatsu-clearfix tatsu-rkeCfokhym\" ><div  class=\"tatsu-row \" ><div  class=\"tatsu-column  tatsu-column-no-bg tatsu-one-col tatsu-column-image-none tatsu-column-effect-none  tatsu-HyAMi1h1m\"  data-parallax-speed=\"0\" style=\"\"><div class=\"tatsu-column-inner \" ><div class=\"tatsu-column-pad-wrap\"><div class=\"tatsu-column-pad\" ><div  class=\"tatsu-module tatsu-text-block-wrap tatsu-HJWQjJ3yX  \"><div class=\"tatsu-text-inner tatsu-align-center  clearfix\" ><style>.tatsu-HJWQjJ3yX.tatsu-text-block-wrap .tatsu-text-inner{width: 100%;text-align: left;}<\/style>\n<p style=\"text-align: justify;\"><span style=\"color: #af2d1e;\"><strong><span style=\"font-size: 12pt;\">Formularis Normalitzats\u00a0 \u00a0<\/span><\/strong><\/span><\/p>\n<p style=\"text-align: justify;\"><strong data-wp-editing=\"1\"><span style=\"font-size: 12pt; color: #0000ff;\"><a href=\"https:\/\/www.mjusticia.gob.es\/va\/ciudadanos\/registros\/propiedad-mercantiles\/registro-mercantil\" target=\"_blank\" rel=\"noopener noreferrer\"><img loading=\"lazy\" decoding=\"async\" class=\"alignnone wp-image-4132\" src=\"http:\/\/rmvalencia.com\/wp-content\/uploads\/2018\/05\/la-computacion-en-nube.png\" alt=\"\" width=\"33\" height=\"33\" srcset=\"https:\/\/rmvalencia.com\/wp-content\/uploads\/2018\/05\/la-computacion-en-nube.png 256w, https:\/\/rmvalencia.com\/wp-content\/uploads\/2018\/05\/la-computacion-en-nube-150x150.png 150w, https:\/\/rmvalencia.com\/wp-content\/uploads\/2018\/05\/la-computacion-en-nube-50x50.png 50w\" sizes=\"auto, (max-width: 33px) 100vw, 33px\" \/><\/a><\/span><a href=\"https:\/\/www.mjusticia.gob.es\/va\/ciudadanos\/registros\/propiedad-mercantiles\/registro-mercantil\" target=\"_blank\" rel=\"noopener noreferrer\"><span style=\"font-size: 12pt;\">Formularis en Paper<\/span><\/a><\/strong><\/p>\n<p style=\"text-align: justify;\"><span style=\"color: #339966;\"><strong><span style=\"font-size: 12pt;\">Models de Certificaci\u00f3 D&#8217;aprovaci\u00f3 de Comptes<\/span><\/strong><\/span><\/p>\n<p style=\"text-align: justify;\"><span style=\"font-size: 12pt;\"><strong><a href=\"http:\/\/http:\/\/www.rmvalencia.com\/fileadmin\/Formularios\/Valenciano\/INSTRUCCIONS.pdf\"><img loading=\"lazy\" decoding=\"async\" class=\"alignnone wp-image-4132\" src=\"http:\/\/rmvalencia.com\/wp-content\/uploads\/2018\/05\/la-computacion-en-nube.png\" alt=\"\" width=\"33\" height=\"33\" srcset=\"https:\/\/rmvalencia.com\/wp-content\/uploads\/2018\/05\/la-computacion-en-nube.png 256w, https:\/\/rmvalencia.com\/wp-content\/uploads\/2018\/05\/la-computacion-en-nube-150x150.png 150w, https:\/\/rmvalencia.com\/wp-content\/uploads\/2018\/05\/la-computacion-en-nube-50x50.png 50w\" sizes=\"auto, (max-width: 33px) 100vw, 33px\" \/><\/a><a href=\"http:\/\/www.rmvalencia.com\/fileadmin\/Formularios\/Valenciano\/INSTRUCCIONS.pdf\" target=\"_blank\" rel=\"noopener noreferrer\">Instruccions d\u2019emplenament dels Models de Certificaci\u00f3\u00a0<\/a><\/strong><\/span><\/p>\n<p style=\"text-align: justify;\"><a href=\"http:\/\/rmvalencia.com\/fileadmin\/Formularios\/Valenciano\/Comptes%20Anuals\/C1_valencia.pdf\" target=\"_blank\" rel=\"noopener noreferrer\"><span class=\"alignnone\" style=\"font-size: 12pt;\"><span style=\"font-size: 12pt;\"><img loading=\"lazy\" decoding=\"async\" class=\"alignnone wp-image-4132\" src=\"http:\/\/rmvalencia.com\/wp-content\/uploads\/2018\/05\/la-computacion-en-nube.png\" alt=\"\" width=\"33\" height=\"33\" srcset=\"https:\/\/rmvalencia.com\/wp-content\/uploads\/2018\/05\/la-computacion-en-nube.png 256w, https:\/\/rmvalencia.com\/wp-content\/uploads\/2018\/05\/la-computacion-en-nube-150x150.png 150w, https:\/\/rmvalencia.com\/wp-content\/uploads\/2018\/05\/la-computacion-en-nube-50x50.png 50w\" sizes=\"auto, (max-width: 33px) 100vw, 33px\" \/><\/span>C1 Certificaci\u00f3 Junta Universal model Abreviat Pime\u00a0<\/span><\/a><\/p>\n<p style=\"text-align: justify;\"><a href=\"http:\/\/rmvalencia.com\/fileadmin\/Formularios\/Valenciano\/Comptes%20Anuals\/C2_valencia.pdf\" target=\"_blank\" rel=\"noopener noreferrer\"><span class=\"alignnone\" style=\"font-size: 12pt;\"><span style=\"font-size: 12pt;\"><img loading=\"lazy\" decoding=\"async\" class=\"alignnone wp-image-4132\" src=\"http:\/\/rmvalencia.com\/wp-content\/uploads\/2018\/05\/la-computacion-en-nube.png\" alt=\"\" width=\"33\" height=\"33\" srcset=\"https:\/\/rmvalencia.com\/wp-content\/uploads\/2018\/05\/la-computacion-en-nube.png 256w, https:\/\/rmvalencia.com\/wp-content\/uploads\/2018\/05\/la-computacion-en-nube-150x150.png 150w, https:\/\/rmvalencia.com\/wp-content\/uploads\/2018\/05\/la-computacion-en-nube-50x50.png 50w\" sizes=\"auto, (max-width: 33px) 100vw, 33px\" \/><\/span>C2 Certificaci\u00f3 Junta Universal model Normal\u00a0<\/span><\/a><\/p>\n<p style=\"text-align: justify;\"><a href=\"http:\/\/rmvalencia.com\/fileadmin\/Formularios\/Valenciano\/Comptes%20Anuals\/C3_valencia.pdf\" target=\"_blank\" rel=\"noopener noreferrer\"><span class=\"alignnone\" style=\"font-size: 12pt;\"><span style=\"font-size: 12pt;\"><img loading=\"lazy\" decoding=\"async\" class=\"alignnone wp-image-4132\" src=\"http:\/\/rmvalencia.com\/wp-content\/uploads\/2018\/05\/la-computacion-en-nube.png\" alt=\"\" width=\"33\" height=\"33\" srcset=\"https:\/\/rmvalencia.com\/wp-content\/uploads\/2018\/05\/la-computacion-en-nube.png 256w, https:\/\/rmvalencia.com\/wp-content\/uploads\/2018\/05\/la-computacion-en-nube-150x150.png 150w, https:\/\/rmvalencia.com\/wp-content\/uploads\/2018\/05\/la-computacion-en-nube-50x50.png 50w\" sizes=\"auto, (max-width: 33px) 100vw, 33px\" \/><\/span>C3 Certificaci\u00f3 Junta Convocada per anuncis modele Abreviat Pime\u00a0<\/span><\/a><\/p>\n<p style=\"text-align: justify;\"><a href=\"http:\/\/rmvalencia.com\/fileadmin\/Formularios\/Valenciano\/Comptes%20Anuals\/C4_valencia.pdf\" target=\"_blank\" rel=\"noopener noreferrer\"><span class=\"alignnone\" style=\"font-size: 12pt;\"><span style=\"font-size: 12pt;\"><img loading=\"lazy\" decoding=\"async\" class=\"alignnone wp-image-4132\" src=\"http:\/\/rmvalencia.com\/wp-content\/uploads\/2018\/05\/la-computacion-en-nube.png\" alt=\"\" width=\"33\" height=\"33\" srcset=\"https:\/\/rmvalencia.com\/wp-content\/uploads\/2018\/05\/la-computacion-en-nube.png 256w, https:\/\/rmvalencia.com\/wp-content\/uploads\/2018\/05\/la-computacion-en-nube-150x150.png 150w, https:\/\/rmvalencia.com\/wp-content\/uploads\/2018\/05\/la-computacion-en-nube-50x50.png 50w\" sizes=\"auto, (max-width: 33px) 100vw, 33px\" \/>\u00a0<\/span>C4 Certificaci\u00f3 Junta Convocada per anuncis model Normal<\/span><\/a><\/p>\n<p style=\"text-align: justify;\"><a href=\"http:\/\/rmvalencia.com\/fileadmin\/Formularios\/Valenciano\/Comptes%20Anuals\/C5_valencia.pdf\" target=\"_blank\" rel=\"noopener noreferrer\"><span class=\"alignnone\" style=\"font-size: 12pt;\"><img loading=\"lazy\" decoding=\"async\" class=\"alignnone wp-image-4132\" src=\"http:\/\/rmvalencia.com\/wp-content\/uploads\/2018\/05\/la-computacion-en-nube.png\" alt=\"\" width=\"33\" height=\"33\" srcset=\"https:\/\/rmvalencia.com\/wp-content\/uploads\/2018\/05\/la-computacion-en-nube.png 256w, https:\/\/rmvalencia.com\/wp-content\/uploads\/2018\/05\/la-computacion-en-nube-150x150.png 150w, https:\/\/rmvalencia.com\/wp-content\/uploads\/2018\/05\/la-computacion-en-nube-50x50.png 50w\" sizes=\"auto, (max-width: 33px) 100vw, 33px\" \/>C5 Certificaci\u00f3 Junta convocada per comunicaci\u00f3 individual model Abreviat Pime<\/span><\/a><\/p>\n<p style=\"text-align: justify;\"><a href=\"http:\/\/rmvalencia.com\/fileadmin\/Formularios\/Valenciano\/Comptes%20Anuals\/C6_valencia.pdf\" target=\"_blank\" rel=\"noopener noreferrer\"><span class=\"alignnone\" style=\"font-size: 12pt;\"><span style=\"font-size: 12pt;\"><img loading=\"lazy\" decoding=\"async\" class=\"alignnone wp-image-4132\" src=\"http:\/\/rmvalencia.com\/wp-content\/uploads\/2018\/05\/la-computacion-en-nube.png\" alt=\"\" width=\"33\" height=\"33\" srcset=\"https:\/\/rmvalencia.com\/wp-content\/uploads\/2018\/05\/la-computacion-en-nube.png 256w, https:\/\/rmvalencia.com\/wp-content\/uploads\/2018\/05\/la-computacion-en-nube-150x150.png 150w, https:\/\/rmvalencia.com\/wp-content\/uploads\/2018\/05\/la-computacion-en-nube-50x50.png 50w\" sizes=\"auto, (max-width: 33px) 100vw, 33px\" \/><\/span>C6 Certificaci\u00f3 Junta convocada per comunicaci\u00f3 individual model Normal<\/span><\/a><\/p>\n<p style=\"text-align: justify;\"><a href=\"http:\/\/rmvalencia.com\/fileadmin\/Formularios\/Valenciano\/Comptes%20Anuals\/C7_valencia.pdf\" target=\"_blank\" rel=\"noopener noreferrer\"><span class=\"alignnone\" style=\"font-size: 12pt;\"><span style=\"font-size: 12pt;\"><img loading=\"lazy\" decoding=\"async\" class=\"alignnone wp-image-4132\" src=\"http:\/\/rmvalencia.com\/wp-content\/uploads\/2018\/05\/la-computacion-en-nube.png\" alt=\"\" width=\"33\" height=\"33\" srcset=\"https:\/\/rmvalencia.com\/wp-content\/uploads\/2018\/05\/la-computacion-en-nube.png 256w, https:\/\/rmvalencia.com\/wp-content\/uploads\/2018\/05\/la-computacion-en-nube-150x150.png 150w, https:\/\/rmvalencia.com\/wp-content\/uploads\/2018\/05\/la-computacion-en-nube-50x50.png 50w\" sizes=\"auto, (max-width: 33px) 100vw, 33px\" \/>\u00a0<\/span>C7 Certificaci\u00f3 Unipersonal model Abreviat Pime<\/span><\/a><\/p>\n<p style=\"text-align: justify;\"><a href=\"http:\/\/rmvalencia.com\/fileadmin\/Formularios\/Valenciano\/Comptes%20Anuals\/C8_valencia.pdf\" target=\"_blank\" rel=\"noopener noreferrer\"><span class=\"alignnone\" style=\"font-size: 12pt;\"><span style=\"font-size: 12pt;\"><img loading=\"lazy\" decoding=\"async\" class=\"alignnone wp-image-4132\" src=\"http:\/\/rmvalencia.com\/wp-content\/uploads\/2018\/05\/la-computacion-en-nube.png\" alt=\"\" width=\"33\" height=\"33\" srcset=\"https:\/\/rmvalencia.com\/wp-content\/uploads\/2018\/05\/la-computacion-en-nube.png 256w, https:\/\/rmvalencia.com\/wp-content\/uploads\/2018\/05\/la-computacion-en-nube-150x150.png 150w, https:\/\/rmvalencia.com\/wp-content\/uploads\/2018\/05\/la-computacion-en-nube-50x50.png 50w\" sizes=\"auto, (max-width: 33px) 100vw, 33px\" \/>\u00a0<\/span>C8 Certificaci\u00f3 Unipersonal model Normal<\/span><\/a><\/p>\n<p>\u00a0<\/p>\n<h5 style=\"text-align: justify;\"><span style=\"color: #339966;\"><span style=\"font-size: 12pt;\"><span style=\"color: #339966; font-size: 12pt;\"><b>Models de Certificaci\u00f3 de Comptes per a Cooperatives<\/b><\/span><\/span><\/span><\/h5>\n<p style=\"text-align: justify;\"><strong><span style=\"font-size: 12pt;\"><a href=\"https:\/\/rmvalencia.com\/fileadmin\/Formularios\/Espa%C3%B1ol\/Cuentas%20Anuales\/C1coop.pdf\"><img loading=\"lazy\" decoding=\"async\" class=\"alignnone wp-image-4132\" src=\"http:\/\/rmvalencia.com\/wp-content\/uploads\/2018\/05\/la-computacion-en-nube.png\" alt=\"\" width=\"33\" height=\"33\" srcset=\"https:\/\/rmvalencia.com\/wp-content\/uploads\/2018\/05\/la-computacion-en-nube.png 256w, https:\/\/rmvalencia.com\/wp-content\/uploads\/2018\/05\/la-computacion-en-nube-150x150.png 150w, https:\/\/rmvalencia.com\/wp-content\/uploads\/2018\/05\/la-computacion-en-nube-50x50.png 50w\" sizes=\"auto, (max-width: 33px) 100vw, 33px\" \/><\/a> <a href=\"https:\/\/rmvalencia.com\/fileadmin\/Formularios\/Espa%C3%B1ol\/Cuentas%20Anuales\/C1coop.pdf\" target=\"_blank\" rel=\"noopener noreferrer\">C1 Acord Aprovaci\u00f3 Comptes Sense Auditoria en Assemblea Universal I Acords per Unanimitat<br \/><\/a><\/span><\/strong><\/p>\n<p style=\"text-align: justify;\"><strong><span style=\"font-size: 12pt;\"><a href=\"https:\/\/rmvalencia.com\/fileadmin\/Formularios\/Espa%C3%B1ol\/Cuentas%20Anuales\/C2coop.pdf\"><img loading=\"lazy\" decoding=\"async\" class=\"alignnone wp-image-4132\" src=\"http:\/\/rmvalencia.com\/wp-content\/uploads\/2018\/05\/la-computacion-en-nube.png\" alt=\"\" width=\"33\" height=\"33\" srcset=\"https:\/\/rmvalencia.com\/wp-content\/uploads\/2018\/05\/la-computacion-en-nube.png 256w, https:\/\/rmvalencia.com\/wp-content\/uploads\/2018\/05\/la-computacion-en-nube-150x150.png 150w, https:\/\/rmvalencia.com\/wp-content\/uploads\/2018\/05\/la-computacion-en-nube-50x50.png 50w\" sizes=\"auto, (max-width: 33px) 100vw, 33px\" \/> <\/a><a href=\"https:\/\/rmvalencia.com\/fileadmin\/Formularios\/Espa%C3%B1ol\/Cuentas%20Anuales\/C2coop.pdf\" target=\"_blank\" rel=\"noopener noreferrer\">C2 Acord Aprovaci\u00f3 Comptes Amb Auditoria en Assemblea Universal I Acords per Unanimitat<\/a><\/span><\/strong><\/p>\n<p style=\"text-align: justify;\"><strong><span style=\"font-size: 12pt;\"><a href=\"https:\/\/rmvalencia.com\/fileadmin\/Formularios\/Espa%C3%B1ol\/Cuentas%20Anuales\/C3coop.pdf\"><img loading=\"lazy\" decoding=\"async\" class=\"alignnone wp-image-4132\" src=\"http:\/\/rmvalencia.com\/wp-content\/uploads\/2018\/05\/la-computacion-en-nube.png\" alt=\"\" width=\"33\" height=\"33\" srcset=\"https:\/\/rmvalencia.com\/wp-content\/uploads\/2018\/05\/la-computacion-en-nube.png 256w, https:\/\/rmvalencia.com\/wp-content\/uploads\/2018\/05\/la-computacion-en-nube-150x150.png 150w, https:\/\/rmvalencia.com\/wp-content\/uploads\/2018\/05\/la-computacion-en-nube-50x50.png 50w\" sizes=\"auto, (max-width: 33px) 100vw, 33px\" \/> <\/a><a href=\"https:\/\/rmvalencia.com\/fileadmin\/Formularios\/Espa%C3%B1ol\/Cuentas%20Anuales\/C3coop.pdf\" target=\"_blank\" rel=\"noopener noreferrer\"> C3 Acord Aprovaci\u00f3 Comptes sense Auditoria en Assemblea convocada per Comunicaci\u00f3 Individual<\/a><\/span><\/strong><\/p>\n<p style=\"text-align: justify;\"><strong><span style=\"font-size: 12pt;\"><a href=\"https:\/\/rmvalencia.com\/fileadmin\/Formularios\/Espa%C3%B1ol\/Cuentas%20Anuales\/C4coop.pdf\"><img loading=\"lazy\" decoding=\"async\" class=\"alignnone wp-image-4132\" src=\"http:\/\/rmvalencia.com\/wp-content\/uploads\/2018\/05\/la-computacion-en-nube.png\" alt=\"\" width=\"33\" height=\"33\" srcset=\"https:\/\/rmvalencia.com\/wp-content\/uploads\/2018\/05\/la-computacion-en-nube.png 256w, https:\/\/rmvalencia.com\/wp-content\/uploads\/2018\/05\/la-computacion-en-nube-150x150.png 150w, https:\/\/rmvalencia.com\/wp-content\/uploads\/2018\/05\/la-computacion-en-nube-50x50.png 50w\" sizes=\"auto, (max-width: 33px) 100vw, 33px\" \/> <\/a><a href=\"https:\/\/rmvalencia.com\/fileadmin\/Formularios\/Espa%C3%B1ol\/Cuentas%20Anuales\/C4coop.pdf\" target=\"_blank\" rel=\"noopener noreferrer\"> C4 Acord Aprovaci\u00f3 Comptes amb Auditoria en Assemblea convocada per Comunicaci\u00f3 Individual.<\/a><\/span><\/strong><\/p>\n<p>\u00a0<\/p>\n<p><span style=\"color: #339966;\"><strong><span style=\"font-size: 12pt;\">Programes\u00a0 del Deposit de Comptes<\/span><\/strong><\/span><\/p>\n<p style=\"text-align: justify;\"><span style=\"font-size: 12pt;\">Per a realitzar els comptes anuals de qualsevol exercici, cal\u00e7 descarregar el programa corresponent a l\u2019any que \u00e9s pret\u00e9n Depositar.<\/span><\/p>\n<p style=\"text-align: justify;\"><span style=\"font-size: 12pt;\">Els programes i Manuals poden ser descarregats d\u00f3nes de la pr\u00f2pia p\u00e0gina del Col\u00b7legi de Registradors punxa <a href=\"https:\/\/www.registradores.org\/documentacion-y-descargas\/manuales-y-descargas\" target=\"_blank\" rel=\"noopener noreferrer\">Ac\u00ed.<\/a><\/span><\/p>\n<\/div><\/div><\/div><\/div><div class = \"tatsu-column-bg-image-wrap\"><div class = \"tatsu-column-bg-image\" ><\/div><\/div><\/div><style>.tatsu-row > .tatsu-HyAMi1h1m.tatsu-column{width: 100%;}.tatsu-HyAMi1h1m.tatsu-column > .tatsu-column-inner > .tatsu-column-overlay{mix-blend-mode: none;}.tatsu-HyAMi1h1m > .tatsu-column-inner > .tatsu-top-divider{z-index: 9999;}.tatsu-HyAMi1h1m > .tatsu-column-inner > .tatsu-bottom-divider{z-index: 9999;}.tatsu-HyAMi1h1m > .tatsu-column-inner > .tatsu-left-divider{z-index: 9999;}.tatsu-HyAMi1h1m > .tatsu-column-inner > .tatsu-right-divider{z-index: 9999;}<\/style><\/div><\/div><\/div><\/div><div class=\"tatsu-section-background-wrap\"><div class = \"tatsu-section-background\" ><\/div><\/div><style>.tatsu-BybRzsy2JQ.tatsu-section{background-color: rgba(255,247,247,1);}.tatsu-BybRzsy2JQ .tatsu-section-pad{padding: 20px 0px 20px 0px ;}.tatsu-BybRzsy2JQ > .tatsu-bottom-divider{z-index: 9999;}.tatsu-BybRzsy2JQ > .tatsu-top-divider{z-index: 9999;}<\/style><\/div>\n","protected":false},"excerpt":{"rendered":"<p><a href=\"https:\/\/rmvalencia.com\/val\/formularis\/comptes-anuals\/\" class=\"more-link style3-button\">Read More<\/a><\/p>","protected":false},"author":8,"featured_media":0,"parent":6267,"menu_order":0,"comment_status":"closed","ping_status":"closed","template":"page-with-title.php","meta":{"footnotes":""},"class_list":["post-6273","page","type-page","status-publish","hentry"],"_links":{"self":[{"href":"https:\/\/rmvalencia.com\/val\/wp-json\/wp\/v2\/pages\/6273","targetHints":{"allow":["GET"]}}],"collection":[{"href":"https:\/\/rmvalencia.com\/val\/wp-json\/wp\/v2\/pages"}],"about":[{"href":"https:\/\/rmvalencia.com\/val\/wp-json\/wp\/v2\/types\/page"}],"author":[{"embeddable":true,"href":"https:\/\/rmvalencia.com\/val\/wp-json\/wp\/v2\/users\/8"}],"replies":[{"embeddable":true,"href":"https:\/\/rmvalencia.com\/val\/wp-json\/wp\/v2\/comments?post=6273"}],"version-history":[{"count":0,"href":"https:\/\/rmvalencia.com\/val\/wp-json\/wp\/v2\/pages\/6273\/revisions"}],"up":[{"embeddable":true,"href":"https:\/\/rmvalencia.com\/val\/wp-json\/wp\/v2\/pages\/6267"}],"wp:attachment":[{"href":"https:\/\/rmvalencia.com\/val\/wp-json\/wp\/v2\/media?parent=6273"}],"curies":[{"name":"wp","href":"https:\/\/api.w.org\/{rel}","templated":true}]}}